{"id":100,"date":"2023-10-03T15:40:23","date_gmt":"2023-10-03T13:40:23","guid":{"rendered":"http:\/\/wp.montpellier-omics-days.fr\/?page_id=100"},"modified":"2023-11-25T02:04:46","modified_gmt":"2023-11-25T01:04:46","slug":"accueil","status":"publish","type":"page","link":"https:\/\/wp.montpellier-omics-days.fr\/","title":{"rendered":"Accueil"},"content":{"rendered":"\t\t<div data-elementor-type=\"wp-page\" data-elementor-id=\"100\" class=\"elementor elementor-100\">\n\t\t\t\t\t\t\t<div class=\"elementor-element elementor-element-42cc125a e-con-full e-flex e-con e-parent\" data-id=\"42cc125a\" data-element_type=\"container\" data-settings=\"{&quot;content_width&quot;:&quot;full&quot;}\" data-core-v316-plus=\"true\">\n\t\t\t\t<div class=\"elementor-element elementor-element-66a8381 elementor-widget__width-inherit elementor-widget elementor-widget-text-editor\" data-id=\"66a8381\" data-element_type=\"widget\" data-widget_type=\"text-editor.default\">\n\t\t\t\t<div class=\"elementor-widget-container\">\n\t\t\t<style>\/*! elementor - v3.18.0 - 04-12-2023 *\/\n.elementor-widget-text-editor.elementor-drop-cap-view-stacked .elementor-drop-cap{background-color:#69727d;color:#fff}.elementor-widget-text-editor.elementor-drop-cap-view-framed .elementor-drop-cap{color:#69727d;border:3px solid;background-color:transparent}.elementor-widget-text-editor:not(.elementor-drop-cap-view-default) .elementor-drop-cap{margin-top:8px}.elementor-widget-text-editor:not(.elementor-drop-cap-view-default) .elementor-drop-cap-letter{width:1em;height:1em}.elementor-widget-text-editor .elementor-drop-cap{float:left;text-align:center;line-height:1;font-size:50px}.elementor-widget-text-editor .elementor-drop-cap-letter{display:inline-block}<\/style>\t\t\t\t<!-- wp:heading {\"textAlign\":\"center\"} -->\n<h2 class=\"wp-block-heading has-text-align-center\">LA BIOINFORMATIQUE AU SERVICE DE LA SANT\u00c9<\/h2>\n<!-- \/wp:heading --><!-- wp:paragraph {\"align\":\"center\"} -->\n<p class=\"has-text-align-center\">Les Montpellier Omics Days (MOD) ont la particularit\u00e9 d\u2019\u00eatre organis\u00e9s par les \u00e9tudiants du Master <a href=\"https:\/\/formations.umontpellier.fr\/fr\/formations\/master-lmd-XB\/master-bioinformatique-KKI9GZEV.html\"><mark class=\"has-inline-color has-vivid-cyan-blue-color\" style=\"background-color: rgba(0, 0, 0, 0);\">Bioinformatique<\/mark><\/a>\u00a0de la\u00a0<a href=\"http:\/\/sciences.edu.umontpellier.fr\/\"><mark class=\"has-inline-color has-vivid-cyan-blue-color\" style=\"background-color: rgba(0, 0, 0, 0);\">Facult\u00e9 des Sciences<\/mark><\/a>\u00a0de l&#8217;<a href=\"http:\/\/www.umontpellier.fr\/\"><mark class=\"has-inline-color has-vivid-cyan-blue-color\" style=\"background-color: rgba(0, 0, 0, 0);\">Universit\u00e9 de Montpellier<\/mark><\/a>.<\/p>\n<!-- \/wp:paragraph --><!-- wp:paragraph {\"align\":\"center\"} -->\n<p class=\"has-text-align-center\">La 12<sup>\u00e8me<\/sup> \u00e9dition des MOD sera tenue au Campus Triolet de la Facult\u00e9 des Sciences de Montpellier le <strong>1 &amp; 2 F\u00e9vrier 2024<\/strong>.<\/p>\n<!-- \/wp:paragraph --><!-- wp:paragraph {\"align\":\"center\"} -->\n<p class=\"has-text-align-center\">Le programme de ces journ\u00e9es est disponible dans l&#8217;onglet\u00a0<a href=\"https:\/\/wp.montpellier-omics-days.fr\/index.php\/programme\/\" data-type=\"page\" data-id=\"95\"><mark class=\"has-inline-color has-vivid-cyan-blue-color\" style=\"background-color: rgba(0, 0, 0, 0);\">Programme<\/mark><\/a>\u00a0et les rediffusions des conf\u00e9rences seront disponibles dans l&#8217;onglet\u00a0<a href=\"https:\/\/wp.montpellier-omics-days.fr\/index.php\/videos\/\" data-type=\"page\" data-id=\"98\"><mark class=\"has-inline-color has-vivid-cyan-blue-color\" style=\"background-color: rgba(0, 0, 0, 0);\">Vid\u00e9os<\/mark><\/a>.<\/p>\n<!-- \/wp:paragraph --><!-- wp:paragraph {\"align\":\"center\"} -->\n<p class=\"has-text-align-center\">L&#8217;inscription, gratuite mais obligatoire, est \u00e9galement disponible <a href=\"https:\/\/wp.montpellier-omics-days.fr\/index.php\/inscription\/\"><mark class=\"has-inline-color has-vivid-cyan-blue-color\" style=\"background-color: rgba(0, 0, 0, 0);\">ici<\/mark><\/a>.<\/p>\n<!-- \/wp:embed -->\t\t\t\t\t\t<\/div>\n\t\t\t\t<\/div>\n\t\t\t\t<div class=\"elementor-element elementor-element-5b80b80 elementor-widget__width-initial elementor-widget-tablet__width-inherit elementor-widget elementor-widget-text-editor\" data-id=\"5b80b80\" data-element_type=\"widget\" data-widget_type=\"text-editor.default\">\n\t\t\t\t<div class=\"elementor-widget-container\">\n\t\t\t\t\t\t\t<!-- wp:heading {\"textAlign\":\"center\"} --><!-- \/wp:paragraph --><!-- wp:heading {\"textAlign\":\"center\"} -->\n<h2 class=\"wp-block-heading has-text-align-center\">Membres de l&#8217;\u00e9quipe organisatrice<\/h2>\n<h4 class=\"wp-block-heading has-text-align-center\"><strong>Organisation g\u00e9n\u00e9rale | Overall planning<\/strong><\/h4>\n<p><!-- \/wp:heading --><!-- wp:paragraph {\"align\":\"center\"} --><\/p>\n<p class=\"has-text-align-center\">Allyson Mourreux &amp; Marine Dallo<\/p>\n<!-- \/wp:heading --><!-- wp:heading {\"textAlign\":\"center\",\"level\":4} -->\n<h4 class=\"wp-block-heading has-text-align-center\"><strong>\u00c9quipe communication | Communication team<\/strong><\/h4>\n<!-- \/wp:heading --><!-- wp:paragraph {\"align\":\"center\"} -->\n<p class=\"has-text-align-center\">In\u00e8s Liroulet, Daphn\u00e9 Navratil &amp; Laurine Jaffret<\/p>\n<!-- \/wp:paragraph --><!-- wp:heading {\"textAlign\":\"center\",\"level\":4} -->\n<h4 class=\"wp-block-heading has-text-align-center\"><strong>\u00c9quipe financement | Funding team<\/strong><\/h4>\n<!-- \/wp:heading --><!-- wp:paragraph {\"align\":\"center\"} -->\n<p class=\"has-text-align-center\">Laure Nanini &amp; Marine Dallo<\/p>\n<!-- \/wp:paragraph --><!-- wp:heading {\"textAlign\":\"center\",\"level\":4} -->\n<h4 class=\"wp-block-heading has-text-align-center\"><strong>\u00c9quipe intervenants | Conference team<\/strong><\/h4>\n<!-- \/wp:heading --><!-- wp:paragraph {\"align\":\"center\"} -->\n<p class=\"has-text-align-center\">Odran Troch\u00e9, Robin Lioutaud, Elliot Butz, Julien Raynal, Romain Vicens &amp; Nazim Mechkouri<\/p>\n<!-- \/wp:paragraph --><!-- wp:heading {\"textAlign\":\"center\",\"level\":4} -->\n<h4 class=\"wp-block-heading has-text-align-center\"><strong>\u00c9quipe logistique | Logistics team<\/strong><\/h4>\n<!-- \/wp:heading --><!-- wp:paragraph {\"align\":\"center\"} -->\n<p class=\"has-text-align-center\">No\u00eblie Palermo, Enody Gernet, Fatimazahra Abani &amp; Alexina Damy<\/p>\n<!-- \/wp:paragraph --><!-- wp:heading {\"textAlign\":\"center\",\"level\":4} -->\n<h4 class=\"wp-block-heading has-text-align-center\"><strong>\u00c9quipe workshops | Workshops team<\/strong><\/h4>\n<!-- \/wp:heading --><!-- wp:paragraph {\"align\":\"center\"} -->\n<p class=\"has-text-align-center\">Ambre Petit, Viktor Iliev, Thomas Biscop, Elian Strozyk &amp; Florian Gouti\u00e9ras<\/p>\n<!-- \/wp:paragraph --><!-- wp:heading {\"textAlign\":\"center\",\"level\":4} -->\n<h4 class=\"wp-block-heading has-text-align-center\"><strong>Superviseures | Supervisors<\/strong><\/h4>\n<!-- \/wp:heading --><!-- wp:paragraph {\"align\":\"center\"} -->\n<p class=\"has-text-align-center\">S\u00e8verine B\u00e9rard &amp; Annie Chateau<\/p>\n<!-- \/wp:embed -->\t\t\t\t\t\t<\/div>\n\t\t\t\t<\/div>\n\t\t<div class=\"elementor-element elementor-element-7779d11 e-con-full e-flex e-con e-child\" data-id=\"7779d11\" data-element_type=\"container\" data-settings=\"{&quot;content_width&quot;:&quot;full&quot;}\">\n\t\t\t\t<div class=\"elementor-element elementor-element-c24a830 elementor-widget elementor-widget-shortcode\" data-id=\"c24a830\" data-element_type=\"widget\" data-widget_type=\"shortcode.default\">\n\t\t\t\t<div class=\"elementor-widget-container\">\n\t\t\t\t\t<div class=\"elementor-shortcode\">\t\r\n<a class=\"twitter-timeline\" data-width=\"500\" data-height=\"850\" data-theme=\"light\" href=\"https:\/\/twitter.com\/OmicsDays\">My Timeline OmicsDays<\/a> \r\n<\/div>\n\t\t\t\t<\/div>\n\t\t\t\t<\/div>\n\t\t\t\t<\/div>\n\t\t\t\t<\/div>\n\t\t\t\t\t\t\t<\/div>\n\t\t","protected":false},"excerpt":{"rendered":"<p>LA BIOINFORMATIQUE AU SERVICE DE LA SANT\u00c9 Les Montpellier Omics Days (MOD) ont la particularit\u00e9 d\u2019\u00eatre organis\u00e9s par les \u00e9tudiants du Master Bioinformatique\u00a0de la\u00a0Facult\u00e9 des Sciences\u00a0de l&#8217;Universit\u00e9 de Montpellier. La 12\u00e8me \u00e9dition des MOD sera tenue au Campus Triolet de la Facult\u00e9 des Sciences de Montpellier le 1 &amp; 2 F\u00e9vrier 2024. Le programme de &hellip; <\/p>\n","protected":false},"author":1,"featured_media":0,"parent":0,"menu_order":0,"comment_status":"closed","ping_status":"closed","template":"","meta":{"footnotes":""},"class_list":["post-100","page","type-page","status-publish","hentry"],"yoast_head":"<!-- This site is optimized with the Yoast SEO plugin v21.6 - https:\/\/yoast.com\/wordpress\/plugins\/seo\/ -->\n<title>Accueil - Montpellier Omics Days<\/title>\n<meta name=\"robots\" content=\"index, follow, max-snippet:-1, max-image-preview:large, max-video-preview:-1\" \/>\n<link rel=\"canonical\" href=\"https:\/\/wp.montpellier-omics-days.fr\/\" \/>\n<meta property=\"og:locale\" content=\"fr_FR\" \/>\n<meta property=\"og:type\" content=\"article\" \/>\n<meta property=\"og:title\" content=\"Accueil - Montpellier Omics Days\" \/>\n<meta property=\"og:description\" content=\"LA BIOINFORMATIQUE AU SERVICE DE LA SANT\u00c9 Les Montpellier Omics Days (MOD) ont la particularit\u00e9 d\u2019\u00eatre organis\u00e9s par les \u00e9tudiants du Master Bioinformatique\u00a0de la\u00a0Facult\u00e9 des Sciences\u00a0de l&#8217;Universit\u00e9 de Montpellier. La 12\u00e8me \u00e9dition des MOD sera tenue au Campus Triolet de la Facult\u00e9 des Sciences de Montpellier le 1 &amp; 2 F\u00e9vrier 2024. Le programme de &hellip;\" \/>\n<meta property=\"og:url\" content=\"https:\/\/wp.montpellier-omics-days.fr\/\" \/>\n<meta property=\"og:site_name\" content=\"Montpellier Omics Days\" \/>\n<meta property=\"article:publisher\" content=\"https:\/\/www.facebook.com\/Montpellier-Omics-Days-1873060296269162\/?hc_ref=ART2CxxlNvG5Twb-z2vJ-2f02VKC4frinCwRNSoZzTKQkDolA9V31lvD_zBEFz4gv64&amp;fref=nf\" \/>\n<meta property=\"article:modified_time\" content=\"2023-11-25T01:04:46+00:00\" \/>\n<meta name=\"twitter:card\" content=\"summary_large_image\" \/>\n<meta name=\"twitter:site\" content=\"@OmicsDays\" \/>\n<meta name=\"twitter:label1\" content=\"Dur\u00e9e de lecture estim\u00e9e\" \/>\n\t<meta name=\"twitter:data1\" content=\"1 minute\" \/>\n<script type=\"application\/ld+json\" class=\"yoast-schema-graph\">{\"@context\":\"https:\/\/schema.org\",\"@graph\":[{\"@type\":\"WebPage\",\"@id\":\"https:\/\/wp.montpellier-omics-days.fr\/\",\"url\":\"https:\/\/wp.montpellier-omics-days.fr\/\",\"name\":\"Accueil - Montpellier Omics Days\",\"isPartOf\":{\"@id\":\"https:\/\/wp.montpellier-omics-days.fr\/#website\"},\"datePublished\":\"2023-10-03T13:40:23+00:00\",\"dateModified\":\"2023-11-25T01:04:46+00:00\",\"breadcrumb\":{\"@id\":\"https:\/\/wp.montpellier-omics-days.fr\/#breadcrumb\"},\"inLanguage\":\"fr-FR\",\"potentialAction\":[{\"@type\":\"ReadAction\",\"target\":[\"https:\/\/wp.montpellier-omics-days.fr\/\"]}]},{\"@type\":\"BreadcrumbList\",\"@id\":\"https:\/\/wp.montpellier-omics-days.fr\/#breadcrumb\",\"itemListElement\":[{\"@type\":\"ListItem\",\"position\":1,\"name\":\"Accueil\",\"item\":\"https:\/\/wp.montpellier-omics-days.fr\/\"},{\"@type\":\"ListItem\",\"position\":2,\"name\":\"Accueil\"}]},{\"@type\":\"WebSite\",\"@id\":\"https:\/\/wp.montpellier-omics-days.fr\/#website\",\"url\":\"https:\/\/wp.montpellier-omics-days.fr\/\",\"name\":\"Montpellier Omics Days\",\"description\":\"\",\"publisher\":{\"@id\":\"https:\/\/wp.montpellier-omics-days.fr\/#organization\"},\"potentialAction\":[{\"@type\":\"SearchAction\",\"target\":{\"@type\":\"EntryPoint\",\"urlTemplate\":\"https:\/\/wp.montpellier-omics-days.fr\/?s={search_term_string}\"},\"query-input\":\"required name=search_term_string\"}],\"inLanguage\":\"fr-FR\"},{\"@type\":\"Organization\",\"@id\":\"https:\/\/wp.montpellier-omics-days.fr\/#organization\",\"name\":\"Montpellier Omics Days\",\"url\":\"https:\/\/wp.montpellier-omics-days.fr\/\",\"logo\":{\"@type\":\"ImageObject\",\"inLanguage\":\"fr-FR\",\"@id\":\"https:\/\/wp.montpellier-omics-days.fr\/#\/schema\/logo\/image\/\",\"url\":\"https:\/\/wp.montpellier-omics-days.fr\/wp-content\/uploads\/2023\/11\/logoMOD2023bonne_qualite-2.png\",\"contentUrl\":\"https:\/\/wp.montpellier-omics-days.fr\/wp-content\/uploads\/2023\/11\/logoMOD2023bonne_qualite-2.png\",\"width\":5371,\"height\":5371,\"caption\":\"Montpellier Omics Days\"},\"image\":{\"@id\":\"https:\/\/wp.montpellier-omics-days.fr\/#\/schema\/logo\/image\/\"},\"sameAs\":[\"https:\/\/www.facebook.com\/Montpellier-Omics-Days-1873060296269162\/?hc_ref=ART2CxxlNvG5Twb-z2vJ-2f02VKC4frinCwRNSoZzTKQkDolA9V31lvD_zBEFz4gv64&fref=nf\",\"https:\/\/twitter.com\/OmicsDays\",\"https:\/\/www.instagram.com\/omicsdays\/\"]}]}<\/script>\n<!-- \/ Yoast SEO plugin. -->","yoast_head_json":{"title":"Accueil - Montpellier Omics Days","robots":{"index":"index","follow":"follow","max-snippet":"max-snippet:-1","max-image-preview":"max-image-preview:large","max-video-preview":"max-video-preview:-1"},"canonical":"https:\/\/wp.montpellier-omics-days.fr\/","og_locale":"fr_FR","og_type":"article","og_title":"Accueil - Montpellier Omics Days","og_description":"LA BIOINFORMATIQUE AU SERVICE DE LA SANT\u00c9 Les Montpellier Omics Days (MOD) ont la particularit\u00e9 d\u2019\u00eatre organis\u00e9s par les \u00e9tudiants du Master Bioinformatique\u00a0de la\u00a0Facult\u00e9 des Sciences\u00a0de l&#8217;Universit\u00e9 de Montpellier. La 12\u00e8me \u00e9dition des MOD sera tenue au Campus Triolet de la Facult\u00e9 des Sciences de Montpellier le 1 &amp; 2 F\u00e9vrier 2024. Le programme de &hellip;","og_url":"https:\/\/wp.montpellier-omics-days.fr\/","og_site_name":"Montpellier Omics Days","article_publisher":"https:\/\/www.facebook.com\/Montpellier-Omics-Days-1873060296269162\/?hc_ref=ART2CxxlNvG5Twb-z2vJ-2f02VKC4frinCwRNSoZzTKQkDolA9V31lvD_zBEFz4gv64&fref=nf","article_modified_time":"2023-11-25T01:04:46+00:00","twitter_card":"summary_large_image","twitter_site":"@OmicsDays","twitter_misc":{"Dur\u00e9e de lecture estim\u00e9e":"1 minute"},"schema":{"@context":"https:\/\/schema.org","@graph":[{"@type":"WebPage","@id":"https:\/\/wp.montpellier-omics-days.fr\/","url":"https:\/\/wp.montpellier-omics-days.fr\/","name":"Accueil - Montpellier Omics Days","isPartOf":{"@id":"https:\/\/wp.montpellier-omics-days.fr\/#website"},"datePublished":"2023-10-03T13:40:23+00:00","dateModified":"2023-11-25T01:04:46+00:00","breadcrumb":{"@id":"https:\/\/wp.montpellier-omics-days.fr\/#breadcrumb"},"inLanguage":"fr-FR","potentialAction":[{"@type":"ReadAction","target":["https:\/\/wp.montpellier-omics-days.fr\/"]}]},{"@type":"BreadcrumbList","@id":"https:\/\/wp.montpellier-omics-days.fr\/#breadcrumb","itemListElement":[{"@type":"ListItem","position":1,"name":"Accueil","item":"https:\/\/wp.montpellier-omics-days.fr\/"},{"@type":"ListItem","position":2,"name":"Accueil"}]},{"@type":"WebSite","@id":"https:\/\/wp.montpellier-omics-days.fr\/#website","url":"https:\/\/wp.montpellier-omics-days.fr\/","name":"Montpellier Omics Days","description":"","publisher":{"@id":"https:\/\/wp.montpellier-omics-days.fr\/#organization"},"potentialAction":[{"@type":"SearchAction","target":{"@type":"EntryPoint","urlTemplate":"https:\/\/wp.montpellier-omics-days.fr\/?s={search_term_string}"},"query-input":"required name=search_term_string"}],"inLanguage":"fr-FR"},{"@type":"Organization","@id":"https:\/\/wp.montpellier-omics-days.fr\/#organization","name":"Montpellier Omics Days","url":"https:\/\/wp.montpellier-omics-days.fr\/","logo":{"@type":"ImageObject","inLanguage":"fr-FR","@id":"https:\/\/wp.montpellier-omics-days.fr\/#\/schema\/logo\/image\/","url":"https:\/\/wp.montpellier-omics-days.fr\/wp-content\/uploads\/2023\/11\/logoMOD2023bonne_qualite-2.png","contentUrl":"https:\/\/wp.montpellier-omics-days.fr\/wp-content\/uploads\/2023\/11\/logoMOD2023bonne_qualite-2.png","width":5371,"height":5371,"caption":"Montpellier Omics Days"},"image":{"@id":"https:\/\/wp.montpellier-omics-days.fr\/#\/schema\/logo\/image\/"},"sameAs":["https:\/\/www.facebook.com\/Montpellier-Omics-Days-1873060296269162\/?hc_ref=ART2CxxlNvG5Twb-z2vJ-2f02VKC4frinCwRNSoZzTKQkDolA9V31lvD_zBEFz4gv64&fref=nf","https:\/\/twitter.com\/OmicsDays","https:\/\/www.instagram.com\/omicsdays\/"]}]}},"_links":{"self":[{"href":"https:\/\/wp.montpellier-omics-days.fr\/index.php\/wp-json\/wp\/v2\/pages\/100","targetHints":{"allow":["GET"]}}],"collection":[{"href":"https:\/\/wp.montpellier-omics-days.fr\/index.php\/wp-json\/wp\/v2\/pages"}],"about":[{"href":"https:\/\/wp.montpellier-omics-days.fr\/index.php\/wp-json\/wp\/v2\/types\/page"}],"author":[{"embeddable":true,"href":"https:\/\/wp.montpellier-omics-days.fr\/index.php\/wp-json\/wp\/v2\/users\/1"}],"replies":[{"embeddable":true,"href":"https:\/\/wp.montpellier-omics-days.fr\/index.php\/wp-json\/wp\/v2\/comments?post=100"}],"version-history":[{"count":54,"href":"https:\/\/wp.montpellier-omics-days.fr\/index.php\/wp-json\/wp\/v2\/pages\/100\/revisions"}],"predecessor-version":[{"id":695,"href":"https:\/\/wp.montpellier-omics-days.fr\/index.php\/wp-json\/wp\/v2\/pages\/100\/revisions\/695"}],"wp:attachment":[{"href":"https:\/\/wp.montpellier-omics-days.fr\/index.php\/wp-json\/wp\/v2\/media?parent=100"}],"curies":[{"name":"wp","href":"https:\/\/api.w.org\/{rel}","templated":true}]}}